{"id":31,"date":"2020-04-13T11:18:52","date_gmt":"2020-04-13T11:18:52","guid":{"rendered":"https:\/\/prestationdrone.com\/index.php\/about\/"},"modified":"2026-01-13T14:19:40","modified_gmt":"2026-01-13T13:19:40","slug":"operateur-drone-professionnel","status":"publish","type":"page","link":"https:\/\/prestationdrone.com\/index.php\/operateur-drone-professionnel\/","title":{"rendered":"A propos"},"content":{"rendered":"\t\t<div data-elementor-type=\"wp-page\" data-elementor-id=\"31\" class=\"elementor elementor-31\">\n\t\t\t\t\t\t<section class=\"elementor-section elementor-top-section elementor-element elementor-element-5131a13e elementor-section-boxed elementor-section-height-default elementor-section-height-default\" data-id=\"5131a13e\" data-element_type=\"section\" data-e-type=\"section\" data-settings=\"{&quot;background_background&quot;:&quot;classic&quot;}\">\n\t\t\t\t\t\t\t<div class=\"elementor-background-overlay\"><\/div>\n\t\t\t\t\t\t\t<div class=\"elementor-container elementor-column-gap-default\">\n\t\t\t\t\t<div class=\"elementor-column elementor-col-100 elementor-top-column elementor-element elementor-element-1053ca7a\" data-id=\"1053ca7a\" data-element_type=\"column\" data-e-type=\"column\">\n\t\t\t<div class=\"elementor-widget-wrap elementor-element-populated\">\n\t\t\t\t\t\t<div class=\"elementor-element elementor-element-3d99e122 elementor-widget elementor-widget-heading\" data-id=\"3d99e122\" data-element_type=\"widget\" data-e-type=\"widget\" data-widget_type=\"heading.default\">\n\t\t\t\t<div class=\"elementor-widget-container\">\n\t\t\t\t\t<h1 class=\"elementor-heading-title elementor-size-default\">Captation a\u00e9rienne professionnelle par drone, respectueuse de l\u2019environnement<\/h1>\t\t\t\t<\/div>\n\t\t\t\t<\/div>\n\t\t\t\t\t<\/div>\n\t\t<\/div>\n\t\t\t\t\t<\/div>\n\t\t<\/section>\n\t\t\t\t<section class=\"elementor-section elementor-top-section elementor-element elementor-element-40177ae0 elementor-section-boxed elementor-section-height-default elementor-section-height-default\" data-id=\"40177ae0\" data-element_type=\"section\" data-e-type=\"section\">\n\t\t\t\t\t\t<div class=\"elementor-container elementor-column-gap-no\">\n\t\t\t\t\t<div class=\"elementor-column elementor-col-50 elementor-top-column elementor-element elementor-element-2828f573\" data-id=\"2828f573\" data-element_type=\"column\" data-e-type=\"column\">\n\t\t\t<div class=\"elementor-widget-wrap elementor-element-populated\">\n\t\t\t\t\t\t<div class=\"elementor-element elementor-element-c2ff96b elementor-widget elementor-widget-image\" data-id=\"c2ff96b\" data-element_type=\"widget\" data-e-type=\"widget\" data-widget_type=\"image.default\">\n\t\t\t\t<div class=\"elementor-widget-container\">\n\t\t\t\t\t\t\t\t\t\t\t\t\t\t\t<img fetchpriority=\"high\" decoding=\"async\" width=\"1024\" height=\"682\" src=\"https:\/\/prestationdrone.com\/wp-content\/uploads\/2023\/07\/droniste_experience-1024x682.jpg\" class=\"attachment-large size-large wp-image-435\" alt=\"\" srcset=\"https:\/\/prestationdrone.com\/wp-content\/uploads\/2023\/07\/droniste_experience-1024x682.jpg 1024w, https:\/\/prestationdrone.com\/wp-content\/uploads\/2023\/07\/droniste_experience-300x200.jpg 300w, https:\/\/prestationdrone.com\/wp-content\/uploads\/2023\/07\/droniste_experience-768x511.jpg 768w, https:\/\/prestationdrone.com\/wp-content\/uploads\/2023\/07\/droniste_experience-1536x1023.jpg 1536w, https:\/\/prestationdrone.com\/wp-content\/uploads\/2023\/07\/droniste_experience.jpg 1712w\" sizes=\"(max-width: 1024px) 100vw, 1024px\" \/>\t\t\t\t\t\t\t\t\t\t\t\t\t\t\t<\/div>\n\t\t\t\t<\/div>\n\t\t\t\t<div class=\"elementor-element elementor-element-68afc23b elementor-widget elementor-widget-heading\" data-id=\"68afc23b\" data-element_type=\"widget\" data-e-type=\"widget\" data-widget_type=\"heading.default\">\n\t\t\t\t<div class=\"elementor-widget-container\">\n\t\t\t\t\t<h2 class=\"elementor-heading-title elementor-size-default\">Un op\u00e9rateur drone engag\u00e9, entre expertise audiovisuelle et \u00e9cologie.<\/h2>\t\t\t\t<\/div>\n\t\t\t\t<\/div>\n\t\t\t\t\t<\/div>\n\t\t<\/div>\n\t\t\t\t<div class=\"elementor-column elementor-col-50 elementor-top-column elementor-element elementor-element-48096891\" data-id=\"48096891\" data-element_type=\"column\" data-e-type=\"column\">\n\t\t\t<div class=\"elementor-widget-wrap elementor-element-populated\">\n\t\t\t\t\t\t<div class=\"elementor-element elementor-element-44ce5982 elementor-widget elementor-widget-text-editor\" data-id=\"44ce5982\" data-element_type=\"widget\" data-e-type=\"widget\" data-widget_type=\"text-editor.default\">\n\t\t\t\t<div class=\"elementor-widget-container\">\n\t\t\t\t\t\t\t\t\t<p>J\u2019ai acquis une exp\u00e9rience significative en filmant de nombreux monuments et lieux embl\u00e9matiques en France et \u00e0 l\u2019\u00e9tranger. Du Mont Saint-Michel aux calanques de Marseille, en passant par le Louvre, la Tour Eiffel et le ch\u00e2teau de Chambord, j\u2019ai eu l\u2019occasion de collaborer aux prises de vue exceptionnelles pour les soci\u00e9t\u00e9s \u00ab\u00a0FreewayProd\u00a0\u00bb et \u00ab\u00a0MikeFlyProd\u00a0\u00bb leurs clients : Des Racines et des Ailes, le Tour de France, La reconstruction de Notre Dame\u2026<br \/>J\u2019ai \u00e9galement travaill\u00e9 sur des projets d&rsquo;\u00e9missions et de promotion du tourisme &amp; patrimoine et pour des films institutionnels pour la soci\u00e9t\u00e9 \u00ab\u00a0Une Image \u00e0 Part\u00a0\u00bb et ses clients : ZooParc de Beauval, EDF, Dalkia, la SNCF\u2026<\/p>\t\t\t\t\t\t\t\t<\/div>\n\t\t\t\t<\/div>\n\t\t\t\t<div class=\"elementor-element elementor-element-e56ab06 elementor-widget__width-initial elementor-widget elementor-widget-text-editor\" data-id=\"e56ab06\" data-element_type=\"widget\" data-e-type=\"widget\" data-widget_type=\"text-editor.default\">\n\t\t\t\t<div class=\"elementor-widget-container\">\n\t\t\t\t\t\t\t\t\t<p>En compl\u00e9ment de ma passion pour l\u2019image et la prise de vues a\u00e9riennes par drone, je dispose d\u2019une <strong>solide formation en graphisme et en effets sp\u00e9ciaux<\/strong>, me permettant d\u2019anticiper et d\u2019adapter pr\u00e9cis\u00e9ment chaque cadrage en fonction des <strong>objectifs techniques et artistiques<\/strong> de votre projet audiovisuel. Cette expertise garantit des images coh\u00e9rentes, esth\u00e9tiques et parfaitement ma\u00eetris\u00e9es.<\/p><p>Fort de mon parcours professionnel, je suis \u00e9galement <strong>profond\u00e9ment engag\u00e9 dans une d\u00e9marche environnementale responsable<\/strong>. Membre actif d\u2019associations d\u00e9di\u00e9es \u00e0 la protection de l\u2019environnement, j\u2019int\u00e8gre cette conscience \u00e9cologique au c\u0153ur de mon activit\u00e9 de <strong>t\u00e9l\u00e9pilote de drone professionnel<\/strong>. Concr\u00e8tement, je limite mon <strong>empreinte carbone<\/strong> en privil\u00e9giant des d\u00e9placements en <strong>v\u00e9hicule \u00e9lectrique<\/strong>, aliment\u00e9 \u2014 tout comme mes drones \u2014 par une <strong>\u00e9nergie 100 % renouvelable issue de panneaux solaires<\/strong>.<\/p><p>Lors de chaque mission de prises de vues a\u00e9riennes, je porte une <strong>attention particuli\u00e8re \u00e0 la faune et \u00e0 la flore<\/strong>. Mon approche vise \u00e0 <strong>minimiser toute perturbation de l\u2019environnement naturel<\/strong>, afin de capturer des images de qualit\u00e9 tout en respectant les \u00e9cosyst\u00e8mes et la biodiversit\u00e9.<\/p><p>En choisissant mes services de <strong>prises de vues par drone \u00e0 faible impact environnemental<\/strong>, vous faites appel \u00e0 un <strong>op\u00e9rateur drone exp\u00e9riment\u00e9<\/strong>, alliant <strong>expertise technique, sens artistique et engagement \u00e9cologique fort<\/strong>. Votre projet est r\u00e9alis\u00e9 avec rigueur, respect de la nature et une v\u00e9ritable conscience environnementale.<\/p>\t\t\t\t\t\t\t\t<\/div>\n\t\t\t\t<\/div>\n\t\t\t\t<div class=\"elementor-element elementor-element-41a203d elementor-widget elementor-widget-text-editor\" data-id=\"41a203d\" data-element_type=\"widget\" data-e-type=\"widget\" data-widget_type=\"text-editor.default\">\n\t\t\t\t<div class=\"elementor-widget-container\">\n\t\t\t\t\t\t\t\t\t<h4>\u00ab\u00a0Explorez de nouveaux horizons avec des images a\u00e9riennes respectueuses de l&rsquo;environnement\u00a0\u00bb<\/h4>\t\t\t\t\t\t\t\t<\/div>\n\t\t\t\t<\/div>\n\t\t\t\t<div class=\"elementor-element elementor-element-4ec76f84 elementor-widget elementor-widget-heading\" data-id=\"4ec76f84\" data-element_type=\"widget\" data-e-type=\"widget\" data-widget_type=\"heading.default\">\n\t\t\t\t<div class=\"elementor-widget-container\">\n\t\t\t\t\t<h3 class=\"elementor-heading-title elementor-size-medium\">Olivier Arnold<\/h3>\t\t\t\t<\/div>\n\t\t\t\t<\/div>\n\t\t\t\t\t<\/div>\n\t\t<\/div>\n\t\t\t\t\t<\/div>\n\t\t<\/section>\n\t\t\t\t<section class=\"elementor-section elementor-top-section elementor-element elementor-element-88095be elementor-section-boxed elementor-section-height-default elementor-section-height-default\" data-id=\"88095be\" data-element_type=\"section\" data-e-type=\"section\" data-settings=\"{&quot;background_background&quot;:&quot;classic&quot;}\">\n\t\t\t\t\t\t<div class=\"elementor-container elementor-column-gap-no\">\n\t\t\t\t\t<div class=\"elementor-column elementor-col-33 elementor-top-column elementor-element elementor-element-b59566c\" data-id=\"b59566c\" data-element_type=\"column\" data-e-type=\"column\">\n\t\t\t<div class=\"elementor-widget-wrap elementor-element-populated\">\n\t\t\t\t\t\t<div class=\"elementor-element elementor-element-b292dd2 elementor-widget__width-initial elementor-widget elementor-widget-image-box\" data-id=\"b292dd2\" data-element_type=\"widget\" data-e-type=\"widget\" data-widget_type=\"image-box.default\">\n\t\t\t\t<div class=\"elementor-widget-container\">\n\t\t\t\t\t<div class=\"elementor-image-box-wrapper\"><div class=\"elementor-image-box-content\"><h2 class=\"elementor-image-box-title\">100% Recharge verte<\/h2><p class=\"elementor-image-box-description\">Pour un trajet de 300 km aller-retour :\n\nV\u00e9hicule essence ou diesel : \u2248 75 kg de CO\u2082 \u00e9mis\n\n<br>V\u00e9hicule \u00e9lectrique recharg\u00e9 par panneaux solaires : \u2248 0 \u00e0 1 kg de CO\u2082\n\n<b>Jusqu\u2019\u00e0 75 kg de CO\u2082 \u00e9vit\u00e9s par d\u00e9placement, soit plus de 95 % d\u2019\u00e9missions en moins.<\/b>\n\n<br>Calcul bas\u00e9 uniquement sur les \u00e9missions li\u00e9es \u00e0 l\u2019usage du v\u00e9hicule.\nLa fabrication des v\u00e9hicules, des batteries et l\u2019extraction des mati\u00e8res premi\u00e8res ne sont pas prises en compte.<\/p><\/div><\/div>\t\t\t\t<\/div>\n\t\t\t\t<\/div>\n\t\t\t\t\t<\/div>\n\t\t<\/div>\n\t\t\t\t<div class=\"elementor-column elementor-col-33 elementor-top-column elementor-element elementor-element-bca9a20\" data-id=\"bca9a20\" data-element_type=\"column\" data-e-type=\"column\">\n\t\t\t<div class=\"elementor-widget-wrap elementor-element-populated\">\n\t\t\t\t\t\t<div class=\"elementor-element elementor-element-b0e23ae elementor-widget elementor-widget-image-box\" data-id=\"b0e23ae\" data-element_type=\"widget\" data-e-type=\"widget\" data-widget_type=\"image-box.default\">\n\t\t\t\t<div class=\"elementor-widget-container\">\n\t\t\t\t\t<div class=\"elementor-image-box-wrapper\"><div class=\"elementor-image-box-content\"><h2 class=\"elementor-image-box-title\">Engagement<\/h2><p class=\"elementor-image-box-description\">Je m\u2019engage activement \u00e0 pr\u00e9server des espaces naturels, sans chasse et class\u00e9s Refuge LPO.\nCette d\u00e9marche permet de <b> s\u00e9questrer environ 60 tonnes de CO\u2082 par an <\/b> tout en offrant un <b>sanctuaire durable pour la faune et la flore locales<\/b>.\n\nEstimation bas\u00e9e sur la s\u00e9questration naturelle du carbone par les sols et la v\u00e9g\u00e9tation.\n\n<br><b>\u2248 800 tournages compens\u00e9s par an pour un trajet de 300 km aller-retour en v\u00e9hicule thermique.<\/b><\/p><\/div><\/div>\t\t\t\t<\/div>\n\t\t\t\t<\/div>\n\t\t\t\t\t<\/div>\n\t\t<\/div>\n\t\t\t\t<div class=\"elementor-column elementor-col-33 elementor-top-column elementor-element elementor-element-6b0d72f\" data-id=\"6b0d72f\" data-element_type=\"column\" data-e-type=\"column\">\n\t\t\t<div class=\"elementor-widget-wrap elementor-element-populated\">\n\t\t\t\t\t\t<div class=\"elementor-element elementor-element-30cd69e elementor-widget elementor-widget-heading\" data-id=\"30cd69e\" data-element_type=\"widget\" data-e-type=\"widget\" data-widget_type=\"heading.default\">\n\t\t\t\t<div class=\"elementor-widget-container\">\n\t\t\t\t\t<h2 class=\"elementor-heading-title elementor-size-default\">Sources<\/h2>\t\t\t\t<\/div>\n\t\t\t\t<\/div>\n\t\t\t\t<div class=\"elementor-element elementor-element-9f92279 elementor-icon-list--layout-traditional elementor-list-item-link-full_width elementor-widget elementor-widget-icon-list\" data-id=\"9f92279\" data-element_type=\"widget\" data-e-type=\"widget\" data-widget_type=\"icon-list.default\">\n\t\t\t\t<div class=\"elementor-widget-container\">\n\t\t\t\t\t\t\t<ul class=\"elementor-icon-list-items\">\n\t\t\t\t\t\t\t<li class=\"elementor-icon-list-item\">\n\t\t\t\t\t\t\t\t\t\t\t<a href=\"https:\/\/jancovici.com\/changement-climatique\/gaz-a-effet-de-serre-et-cycle-du-carbone\/ne-suffit-il-pas-de-planter-des-arbres-pour-compenser-les-emissions\/\">\n\n\t\t\t\t\t\t\t\t\t\t\t\t<span class=\"elementor-icon-list-icon\">\n\t\t\t\t\t\t\t<i aria-hidden=\"true\" class=\"fas fa-caret-right\"><\/i>\t\t\t\t\t\t<\/span>\n\t\t\t\t\t\t\t\t\t\t<span class=\"elementor-icon-list-text\">Compensation r\u00e9f\u00e9rence de Jancovici, Betts, et Nature<\/span>\n\t\t\t\t\t\t\t\t\t\t\t<\/a>\n\t\t\t\t\t\t\t\t\t<\/li>\n\t\t\t\t\t\t\t\t<li class=\"elementor-icon-list-item\">\n\t\t\t\t\t\t\t\t\t\t\t<a href=\"https:\/\/abc-transitionbascarbone.fr\/publication-de-la-note-neutralite-et-sequestration\/\">\n\n\t\t\t\t\t\t\t\t\t\t\t\t<span class=\"elementor-icon-list-icon\">\n\t\t\t\t\t\t\t<i aria-hidden=\"true\" class=\"fas fa-caret-right\"><\/i>\t\t\t\t\t\t<\/span>\n\t\t\t\t\t\t\t\t\t\t<span class=\"elementor-icon-list-text\">L\u2019ABC et Comit\u00e9 21<\/span>\n\t\t\t\t\t\t\t\t\t\t\t<\/a>\n\t\t\t\t\t\t\t\t\t<\/li>\n\t\t\t\t\t\t\t\t<li class=\"elementor-icon-list-item\">\n\t\t\t\t\t\t\t\t\t\t\t<a href=\"https:\/\/cdn.ecotree.fr\/documents\/20210503_methodologie_quantificationCarbone_Ecotree_v2.1.pdf\">\n\n\t\t\t\t\t\t\t\t\t\t\t\t<span class=\"elementor-icon-list-icon\">\n\t\t\t\t\t\t\t<i aria-hidden=\"true\" class=\"fas fa-caret-right\"><\/i>\t\t\t\t\t\t<\/span>\n\t\t\t\t\t\t\t\t\t\t<span class=\"elementor-icon-list-text\">M\u00e9thodologie de quantification<\/span>\n\t\t\t\t\t\t\t\t\t\t\t<\/a>\n\t\t\t\t\t\t\t\t\t<\/li>\n\t\t\t\t\t\t\t\t<li class=\"elementor-icon-list-item\">\n\t\t\t\t\t\t\t\t\t\t<span class=\"elementor-icon-list-text\">L\u2019ADEME indique que l\u2019empreinte carbone du photovolta\u00efque est proche de 43,9\u202fgCO\u2082eq\/kWh<\/span>\n\t\t\t\t\t\t\t\t\t<\/li>\n\t\t\t\t\t\t<\/ul>\n\t\t\t\t\t\t<\/div>\n\t\t\t\t<\/div>\n\t\t\t\t\t<\/div>\n\t\t<\/div>\n\t\t\t\t\t<\/div>\n\t\t<\/section>\n\t\t\t\t<\/div>\n\t\t","protected":false},"excerpt":{"rendered":"<p>Captation a\u00e9rienne professionnelle par drone, respectueuse de l\u2019environnement Un op\u00e9rateur drone engag\u00e9, entre expertise audiovisuelle et \u00e9cologie. J\u2019ai acquis une exp\u00e9rience significative en filmant de nombreux monuments et lieux embl\u00e9matiques en France et \u00e0 l\u2019\u00e9tranger. Du Mont Saint-Michel aux calanques de Marseille, en passant par le Louvre, la Tour Eiffel et le ch\u00e2teau de Chambord, [&hellip;]<\/p>\n","protected":false},"author":1,"featured_media":0,"parent":0,"menu_order":0,"comment_status":"closed","ping_status":"closed","template":"","meta":{"site-sidebar-layout":"no-sidebar","site-content-layout":"page-builder","ast-site-content-layout":"full-width-container","site-content-style":"unboxed","site-sidebar-style":"unboxed","ast-global-header-display":"","ast-banner-title-visibility":"","ast-main-header-display":"","ast-hfb-above-header-display":"","ast-hfb-below-header-display":"","ast-hfb-mobile-header-display":"","site-post-title":"disabled","ast-breadcrumbs-content":"","ast-featured-img":"","footer-sml-layout":"","ast-disable-related-posts":"","theme-transparent-header-meta":"enabled","adv-header-id-meta":"","stick-header-meta":"","header-above-stick-meta":"","header-main-stick-meta":"","header-below-stick-meta":"","astra-migrate-meta-layouts":"set","ast-page-background-enabled":"default","ast-page-background-meta":{"desktop":{"background-color":"","background-image":"","background-repeat":"repeat","background-position":"center center","background-size":"auto","background-attachment":"scroll","background-type":"","background-media":"","overlay-type":"","overlay-color":"","overlay-opacity":"","overlay-gradient":""},"tablet":{"background-color":"","background-image":"","background-repeat":"repeat","background-position":"center center","background-size":"auto","background-attachment":"scroll","background-type":"","background-media":"","overlay-type":"","overlay-color":"","overlay-opacity":"","overlay-gradient":""},"mobile":{"background-color":"","background-image":"","background-repeat":"repeat","background-position":"center center","background-size":"auto","background-attachment":"scroll","background-type":"","background-media":"","overlay-type":"","overlay-color":"","overlay-opacity":"","overlay-gradient":""}},"ast-content-background-meta":{"desktop":{"background-color":"var(--ast-global-color-5)","background-image":"","background-repeat":"repeat","background-position":"center center","background-size":"auto","background-attachment":"scroll","background-type":"","background-media":"","overlay-type":"","overlay-color":"","overlay-opacity":"","overlay-gradient":""},"tablet":{"background-color":"var(--ast-global-color-5)","background-image":"","background-repeat":"repeat","background-position":"center center","background-size":"auto","background-attachment":"scroll","background-type":"","background-media":"","overlay-type":"","overlay-color":"","overlay-opacity":"","overlay-gradient":""},"mobile":{"background-color":"var(--ast-global-color-5)","background-image":"","background-repeat":"repeat","background-position":"center center","background-size":"auto","background-attachment":"scroll","background-type":"","background-media":"","overlay-type":"","overlay-color":"","overlay-opacity":"","overlay-gradient":""}},"footnotes":""},"class_list":["post-31","page","type-page","status-publish","hentry"],"yoast_head":"<!-- This site is optimized with the Yoast SEO plugin v26.9 - https:\/\/yoast.com\/product\/yoast-seo-wordpress\/ -->\n<title>Op\u00e9rateur drone professionnel engag\u00e9 \u00e9cologie en France - Prestation drone<\/title>\n<meta name=\"description\" content=\"L&#039;op\u00e9rateur drone professionnel engag\u00e9 \u00e9cologie que je suis s&#039;engage \u00e0 filmer des lieux embl\u00e9matiques tout en pr\u00e9servant l&#039;environnement.\" \/>\n<meta name=\"robots\" content=\"index, follow, max-snippet:-1, max-image-preview:large, max-video-preview:-1\" \/>\n<link rel=\"canonical\" href=\"https:\/\/prestationdrone.com\/index.php\/operateur-drone-professionnel\/\" \/>\n<meta property=\"og:locale\" content=\"fr_FR\" \/>\n<meta property=\"og:type\" content=\"article\" \/>\n<meta property=\"og:title\" content=\"Op\u00e9rateur drone professionnel engag\u00e9 \u00e9cologie en France - Prestation drone\" \/>\n<meta property=\"og:description\" content=\"L&#039;op\u00e9rateur drone professionnel engag\u00e9 \u00e9cologie que je suis s&#039;engage \u00e0 filmer des lieux embl\u00e9matiques tout en pr\u00e9servant l&#039;environnement.\" \/>\n<meta property=\"og:url\" content=\"https:\/\/prestationdrone.com\/index.php\/operateur-drone-professionnel\/\" \/>\n<meta property=\"og:site_name\" content=\"Prestation drone\" \/>\n<meta property=\"article:modified_time\" content=\"2026-01-13T13:19:40+00:00\" \/>\n<meta property=\"og:image\" content=\"https:\/\/prestationdrone.com\/wp-content\/uploads\/2023\/07\/droniste_experience-1024x682.jpg\" \/>\n<meta name=\"twitter:card\" content=\"summary_large_image\" \/>\n<meta name=\"twitter:label1\" content=\"Dur\u00e9e de lecture estim\u00e9e\" \/>\n\t<meta name=\"twitter:data1\" content=\"3 minutes\" \/>\n<script type=\"application\/ld+json\" class=\"yoast-schema-graph\">{\"@context\":\"https:\/\/schema.org\",\"@graph\":[{\"@type\":\"WebPage\",\"@id\":\"https:\/\/prestationdrone.com\/index.php\/operateur-drone-professionnel\/\",\"url\":\"https:\/\/prestationdrone.com\/index.php\/operateur-drone-professionnel\/\",\"name\":\"Op\u00e9rateur drone professionnel engag\u00e9 \u00e9cologie en France - Prestation drone\",\"isPartOf\":{\"@id\":\"https:\/\/prestationdrone.com\/#website\"},\"primaryImageOfPage\":{\"@id\":\"https:\/\/prestationdrone.com\/index.php\/operateur-drone-professionnel\/#primaryimage\"},\"image\":{\"@id\":\"https:\/\/prestationdrone.com\/index.php\/operateur-drone-professionnel\/#primaryimage\"},\"thumbnailUrl\":\"https:\/\/prestationdrone.com\/wp-content\/uploads\/2023\/07\/droniste_experience-1024x682.jpg\",\"datePublished\":\"2020-04-13T11:18:52+00:00\",\"dateModified\":\"2026-01-13T13:19:40+00:00\",\"description\":\"L'op\u00e9rateur drone professionnel engag\u00e9 \u00e9cologie que je suis s'engage \u00e0 filmer des lieux embl\u00e9matiques tout en pr\u00e9servant l'environnement.\",\"breadcrumb\":{\"@id\":\"https:\/\/prestationdrone.com\/index.php\/operateur-drone-professionnel\/#breadcrumb\"},\"inLanguage\":\"fr-FR\",\"potentialAction\":[{\"@type\":\"ReadAction\",\"target\":[\"https:\/\/prestationdrone.com\/index.php\/operateur-drone-professionnel\/\"]}]},{\"@type\":\"ImageObject\",\"inLanguage\":\"fr-FR\",\"@id\":\"https:\/\/prestationdrone.com\/index.php\/operateur-drone-professionnel\/#primaryimage\",\"url\":\"https:\/\/prestationdrone.com\/wp-content\/uploads\/2023\/07\/droniste_experience.jpg\",\"contentUrl\":\"https:\/\/prestationdrone.com\/wp-content\/uploads\/2023\/07\/droniste_experience.jpg\",\"width\":1712,\"height\":1140},{\"@type\":\"BreadcrumbList\",\"@id\":\"https:\/\/prestationdrone.com\/index.php\/operateur-drone-professionnel\/#breadcrumb\",\"itemListElement\":[{\"@type\":\"ListItem\",\"position\":1,\"name\":\"Accueil\",\"item\":\"https:\/\/prestationdrone.com\/\"},{\"@type\":\"ListItem\",\"position\":2,\"name\":\"A propos\"}]},{\"@type\":\"WebSite\",\"@id\":\"https:\/\/prestationdrone.com\/#website\",\"url\":\"https:\/\/prestationdrone.com\/\",\"name\":\"Prestation drone\",\"description\":\"Des images a\u00e9riennes respectueuses de l&#039;environnement\",\"publisher\":{\"@id\":\"https:\/\/prestationdrone.com\/#organization\"},\"alternateName\":\"Prestation Drone\",\"potentialAction\":[{\"@type\":\"SearchAction\",\"target\":{\"@type\":\"EntryPoint\",\"urlTemplate\":\"https:\/\/prestationdrone.com\/?s={search_term_string}\"},\"query-input\":{\"@type\":\"PropertyValueSpecification\",\"valueRequired\":true,\"valueName\":\"search_term_string\"}}],\"inLanguage\":\"fr-FR\"},{\"@type\":\"Organization\",\"@id\":\"https:\/\/prestationdrone.com\/#organization\",\"name\":\"Prestation drone\",\"alternateName\":\"Prestation drone\",\"url\":\"https:\/\/prestationdrone.com\/\",\"logo\":{\"@type\":\"ImageObject\",\"inLanguage\":\"fr-FR\",\"@id\":\"https:\/\/prestationdrone.com\/#\/schema\/logo\/image\/\",\"url\":\"https:\/\/prestationdrone.com\/wp-content\/uploads\/2026\/01\/avata.jpg\",\"contentUrl\":\"https:\/\/prestationdrone.com\/wp-content\/uploads\/2026\/01\/avata.jpg\",\"width\":317,\"height\":317,\"caption\":\"Prestation drone\"},\"image\":{\"@id\":\"https:\/\/prestationdrone.com\/#\/schema\/logo\/image\/\"},\"sameAs\":[\"https:\/\/linkedin.com\/in\/olivier-arnold\"]}]}<\/script>\n<!-- \/ Yoast SEO plugin. -->","yoast_head_json":{"title":"Op\u00e9rateur drone professionnel engag\u00e9 \u00e9cologie en France - Prestation drone","description":"L'op\u00e9rateur drone professionnel engag\u00e9 \u00e9cologie que je suis s'engage \u00e0 filmer des lieux embl\u00e9matiques tout en pr\u00e9servant l'environnement.","robots":{"index":"index","follow":"follow","max-snippet":"max-snippet:-1","max-image-preview":"max-image-preview:large","max-video-preview":"max-video-preview:-1"},"canonical":"https:\/\/prestationdrone.com\/index.php\/operateur-drone-professionnel\/","og_locale":"fr_FR","og_type":"article","og_title":"Op\u00e9rateur drone professionnel engag\u00e9 \u00e9cologie en France - Prestation drone","og_description":"L'op\u00e9rateur drone professionnel engag\u00e9 \u00e9cologie que je suis s'engage \u00e0 filmer des lieux embl\u00e9matiques tout en pr\u00e9servant l'environnement.","og_url":"https:\/\/prestationdrone.com\/index.php\/operateur-drone-professionnel\/","og_site_name":"Prestation drone","article_modified_time":"2026-01-13T13:19:40+00:00","og_image":[{"url":"https:\/\/prestationdrone.com\/wp-content\/uploads\/2023\/07\/droniste_experience-1024x682.jpg","type":"","width":"","height":""}],"twitter_card":"summary_large_image","twitter_misc":{"Dur\u00e9e de lecture estim\u00e9e":"3 minutes"},"schema":{"@context":"https:\/\/schema.org","@graph":[{"@type":"WebPage","@id":"https:\/\/prestationdrone.com\/index.php\/operateur-drone-professionnel\/","url":"https:\/\/prestationdrone.com\/index.php\/operateur-drone-professionnel\/","name":"Op\u00e9rateur drone professionnel engag\u00e9 \u00e9cologie en France - Prestation drone","isPartOf":{"@id":"https:\/\/prestationdrone.com\/#website"},"primaryImageOfPage":{"@id":"https:\/\/prestationdrone.com\/index.php\/operateur-drone-professionnel\/#primaryimage"},"image":{"@id":"https:\/\/prestationdrone.com\/index.php\/operateur-drone-professionnel\/#primaryimage"},"thumbnailUrl":"https:\/\/prestationdrone.com\/wp-content\/uploads\/2023\/07\/droniste_experience-1024x682.jpg","datePublished":"2020-04-13T11:18:52+00:00","dateModified":"2026-01-13T13:19:40+00:00","description":"L'op\u00e9rateur drone professionnel engag\u00e9 \u00e9cologie que je suis s'engage \u00e0 filmer des lieux embl\u00e9matiques tout en pr\u00e9servant l'environnement.","breadcrumb":{"@id":"https:\/\/prestationdrone.com\/index.php\/operateur-drone-professionnel\/#breadcrumb"},"inLanguage":"fr-FR","potentialAction":[{"@type":"ReadAction","target":["https:\/\/prestationdrone.com\/index.php\/operateur-drone-professionnel\/"]}]},{"@type":"ImageObject","inLanguage":"fr-FR","@id":"https:\/\/prestationdrone.com\/index.php\/operateur-drone-professionnel\/#primaryimage","url":"https:\/\/prestationdrone.com\/wp-content\/uploads\/2023\/07\/droniste_experience.jpg","contentUrl":"https:\/\/prestationdrone.com\/wp-content\/uploads\/2023\/07\/droniste_experience.jpg","width":1712,"height":1140},{"@type":"BreadcrumbList","@id":"https:\/\/prestationdrone.com\/index.php\/operateur-drone-professionnel\/#breadcrumb","itemListElement":[{"@type":"ListItem","position":1,"name":"Accueil","item":"https:\/\/prestationdrone.com\/"},{"@type":"ListItem","position":2,"name":"A propos"}]},{"@type":"WebSite","@id":"https:\/\/prestationdrone.com\/#website","url":"https:\/\/prestationdrone.com\/","name":"Prestation drone","description":"Des images a\u00e9riennes respectueuses de l&#039;environnement","publisher":{"@id":"https:\/\/prestationdrone.com\/#organization"},"alternateName":"Prestation Drone","potentialAction":[{"@type":"SearchAction","target":{"@type":"EntryPoint","urlTemplate":"https:\/\/prestationdrone.com\/?s={search_term_string}"},"query-input":{"@type":"PropertyValueSpecification","valueRequired":true,"valueName":"search_term_string"}}],"inLanguage":"fr-FR"},{"@type":"Organization","@id":"https:\/\/prestationdrone.com\/#organization","name":"Prestation drone","alternateName":"Prestation drone","url":"https:\/\/prestationdrone.com\/","logo":{"@type":"ImageObject","inLanguage":"fr-FR","@id":"https:\/\/prestationdrone.com\/#\/schema\/logo\/image\/","url":"https:\/\/prestationdrone.com\/wp-content\/uploads\/2026\/01\/avata.jpg","contentUrl":"https:\/\/prestationdrone.com\/wp-content\/uploads\/2026\/01\/avata.jpg","width":317,"height":317,"caption":"Prestation drone"},"image":{"@id":"https:\/\/prestationdrone.com\/#\/schema\/logo\/image\/"},"sameAs":["https:\/\/linkedin.com\/in\/olivier-arnold"]}]}},"_links":{"self":[{"href":"https:\/\/prestationdrone.com\/index.php\/wp-json\/wp\/v2\/pages\/31","targetHints":{"allow":["GET"]}}],"collection":[{"href":"https:\/\/prestationdrone.com\/index.php\/wp-json\/wp\/v2\/pages"}],"about":[{"href":"https:\/\/prestationdrone.com\/index.php\/wp-json\/wp\/v2\/types\/page"}],"author":[{"embeddable":true,"href":"https:\/\/prestationdrone.com\/index.php\/wp-json\/wp\/v2\/users\/1"}],"replies":[{"embeddable":true,"href":"https:\/\/prestationdrone.com\/index.php\/wp-json\/wp\/v2\/comments?post=31"}],"version-history":[{"count":80,"href":"https:\/\/prestationdrone.com\/index.php\/wp-json\/wp\/v2\/pages\/31\/revisions"}],"predecessor-version":[{"id":727,"href":"https:\/\/prestationdrone.com\/index.php\/wp-json\/wp\/v2\/pages\/31\/revisions\/727"}],"wp:attachment":[{"href":"https:\/\/prestationdrone.com\/index.php\/wp-json\/wp\/v2\/media?parent=31"}],"curies":[{"name":"wp","href":"https:\/\/api.w.org\/{rel}","templated":true}]}}